{"id":679,"date":"2023-06-07T12:27:58","date_gmt":"2023-06-07T10:27:58","guid":{"rendered":"https:\/\/www.cosmopoli.info\/?page_id=679"},"modified":"2023-06-08T17:09:54","modified_gmt":"2023-06-08T15:09:54","slug":"concertante-domenica-11-giugno","status":"publish","type":"page","link":"https:\/\/www.cosmopoli.info\/index.php\/concertante-domenica-11-giugno\/","title":{"rendered":"concertante domenica 11 giugno"},"content":{"rendered":"\t\t<div data-elementor-type=\"wp-page\" data-elementor-id=\"679\" class=\"elementor elementor-679\">\n\t\t\t\t<div class=\"has_eae_slider elementor-element elementor-element-3a3273b e-flex e-con-boxed e-con e-parent\" data-id=\"3a3273b\" data-element_type=\"container\">\n\t\t\t\t\t<div class=\"e-con-inner\">\n\t\t<div class=\"has_eae_slider elementor-element elementor-element-1e53f2d e-con-full e-flex e-con e-parent\" data-id=\"1e53f2d\" data-element_type=\"container\" data-settings=\"{&quot;sticky&quot;:&quot;top&quot;,&quot;sticky_on&quot;:[&quot;desktop&quot;],&quot;sticky_offset&quot;:113,&quot;sticky_effects_offset&quot;:0}\">\n\t\t\t\t<div class=\"elementor-element elementor-element-6a236d4 elementor-widget elementor-widget-heading\" data-id=\"6a236d4\" data-element_type=\"widget\" data-widget_type=\"heading.default\">\n\t\t\t\t<div class=\"elementor-widget-container\">\n\t\t\t<style>\/*! elementor - v3.22.0 - 17-06-2024 *\/\n.elementor-heading-title{padding:0;margin:0;line-height:1}.elementor-widget-heading .elementor-heading-title[class*=elementor-size-]>a{color:inherit;font-size:inherit;line-height:inherit}.elementor-widget-heading .elementor-heading-title.elementor-size-small{font-size:15px}.elementor-widget-heading .elementor-heading-title.elementor-size-medium{font-size:19px}.elementor-widget-heading .elementor-heading-title.elementor-size-large{font-size:29px}.elementor-widget-heading .elementor-heading-title.elementor-size-xl{font-size:39px}.elementor-widget-heading .elementor-heading-title.elementor-size-xxl{font-size:59px}<\/style><h1 class=\"elementor-heading-title elementor-size-default\">CONCERTANTE<br>Musica Pocket<\/h1>\t\t<\/div>\n\t\t\t\t<\/div>\n\t\t\t\t<div class=\"elementor-element elementor-element-48675de elementor-widget elementor-widget-text-editor\" data-id=\"48675de\" data-element_type=\"widget\" data-widget_type=\"text-editor.default\">\n\t\t\t\t<div class=\"elementor-widget-container\">\n\t\t\t<style>\/*! elementor - v3.22.0 - 17-06-2024 *\/\n.elementor-widget-text-editor.elementor-drop-cap-view-stacked .elementor-drop-cap{background-color:#69727d;color:#fff}.elementor-widget-text-editor.elementor-drop-cap-view-framed .elementor-drop-cap{color:#69727d;border:3px solid;background-color:transparent}.elementor-widget-text-editor:not(.elementor-drop-cap-view-default) .elementor-drop-cap{margin-top:8px}.elementor-widget-text-editor:not(.elementor-drop-cap-view-default) .elementor-drop-cap-letter{width:1em;height:1em}.elementor-widget-text-editor .elementor-drop-cap{float:left;text-align:center;line-height:1;font-size:50px}.elementor-widget-text-editor .elementor-drop-cap-letter{display:inline-block}<\/style>\t\t\t\t<p><strong>DOMENICA 11 GIUGNO &#8211; ore 20.00<br \/>MUSEO DINU ADAMESTEANU POTENZA<br \/><\/strong><\/p><p><strong>Laura Marzadori<\/strong>, 1\u00b0 violino del Teatro alla Scala di Milano<br \/><strong>Massimo Polidori<\/strong>, 1\u00b0 violoncello del Teatro alla Scala di Milano<br \/>Ensemble d\u2019archi <strong>I SOLISTI\u00a0LUCANI<\/strong><br \/><strong>Pablo Varela<\/strong>, direttore<\/p>\t\t\t\t\t\t<\/div>\n\t\t\t\t<\/div>\n\t\t\t\t<div class=\"elementor-element elementor-element-2aca985 elementor-widget elementor-widget-image\" data-id=\"2aca985\" data-element_type=\"widget\" data-widget_type=\"image.default\">\n\t\t\t\t<div class=\"elementor-widget-container\">\n\t\t\t<style>\/*! elementor - v3.22.0 - 17-06-2024 *\/\n.elementor-widget-image{text-align:center}.elementor-widget-image a{display:inline-block}.elementor-widget-image a img[src$=\".svg\"]{width:48px}.elementor-widget-image img{vertical-align:middle;display:inline-block}<\/style>\t\t\t\t\t\t\t\t\t\t<img fetchpriority=\"high\" decoding=\"async\" width=\"800\" height=\"400\" src=\"https:\/\/www.cosmopoli.info\/wp-content\/uploads\/2023\/06\/Risorsa-6@2200x-50.jpg\" class=\"attachment-large size-large wp-image-565\" alt=\"\" srcset=\"https:\/\/www.cosmopoli.info\/wp-content\/uploads\/2023\/06\/Risorsa-6@2200x-50.jpg 800w, https:\/\/www.cosmopoli.info\/wp-content\/uploads\/2023\/06\/Risorsa-6@2200x-50-300x150.jpg 300w, https:\/\/www.cosmopoli.info\/wp-content\/uploads\/2023\/06\/Risorsa-6@2200x-50-768x384.jpg 768w, https:\/\/www.cosmopoli.info\/wp-content\/uploads\/2023\/06\/Risorsa-6@2200x-50-600x300.jpg 600w\" sizes=\"(max-width: 800px) 100vw, 800px\" \/>\t\t\t\t\t\t\t\t\t\t\t\t\t<\/div>\n\t\t\t\t<\/div>\n\t\t\t\t<\/div>\n\t\t<div class=\"has_eae_slider elementor-element elementor-element-44adfc7 e-con-full e-flex e-con e-parent\" data-id=\"44adfc7\" data-element_type=\"container\">\n\t\t\t\t<div class=\"elementor-element elementor-element-6d62383 elementor-widget elementor-widget-text-editor\" data-id=\"6d62383\" data-element_type=\"widget\" data-widget_type=\"text-editor.default\">\n\t\t\t\t<div class=\"elementor-widget-container\">\n\t\t\t\t\t\t\t<p>Protagonisti di questo concerto i solisti di fama internazionale, Laura Marzadori e Massimo Polidori, rispettivamente Primo Violino e Primo Violoncello dell\u2019Orchestra del Teatro alla Scala di Milano, che si esibiranno con l\u2019ensemble d\u2019archi \u201cSolisti Lucani\u201d sotto la direzione del Maestro Pablo Varela, docente presso il Conservatorio Duni di Matera.<\/p><p>In programma il Doppio Concerto di Brahms, ovvero il Concerto per violino e violoncello in\u00a0la minore, op. 102, in una versione per orchestra d\u2019archi; saranno eseguiti inoltre anche:<\/p><p>&#8211; Max Richter: On the Nature of Daylight<br \/>&#8211; Francesco Xaverio Geminiani- Concerto Grosso n. 3 H. 134 \u201cdalla sonata Op. 5 n. 3 di Corelli\u201d<br \/>&#8211; J. Brahms: konzert a-moll fur Violine und Violoncell mit Orchester<\/p><h3>\u00a0<\/h3><h3><b>M.A.T.\u00c8. e SOLISTI LUCANI<\/b><span class=\"Apple-converted-space\">\u00a0<\/span><\/h3><p>L&#8217;Associazione Mat\u00e8 &amp; Solisti Lucani nasce nel febbraio 2019, per volont\u00e0 di quattro musicisti professionisti lucani: Marcoantonio Cornacchia, Marianna Di Ruvo, Anna Maria Losignore e Chiara Lacertosa. In seno a tale organismo culturale nasce l\u2019ensemble &#8220;Solisti Lucani&#8221;, formato da giovani musicisti professionisti prevalentemente del territorio lucano, attivi anche sul panorama nazionale ed internazionale. Dal 2019 l&#8217;ensemble ha gi\u00e0 realizzato molte produzioni concertistiche di musica classica e contemporanea, collaborando con altre associazioni e ospitando artisti di fama internazionale, come i maestri L. Marzadori, A. Manco, A. Serra, (rispettivamente 1\u00b0 violino, 1\u00b0 flauto, viola e contrabbasso del Teatro alla Scala) il M\u00b0 Franco Petracchi, il noto violoncellista E. Bronzi, il violinista F. Peverini, il direttore d&#8217;orchestra P. Varela, la cantautrice Ilaria Pilar Patassini, i compositori F.Ferrandina e G.Desiante. Dal 2021 i Solisti Lucani sono riconosciuti dal Mibact come &#8220;gruppo strumentale giovanile&#8221;, con la Direzione Artistica del Primo Violino della Scala di Milano, Laura Marzadori, la quale ha conferito ulteriore prestigio ed importanza alla stagione concertistica. I Solisti Lucani hanno preso parte a diversi festival di respiro internazionale, come il Fadiesis Accordion Festival, nelle citt\u00e0 di Matera e Pordenone, l&#8217; Open Sound Festival, il Vivaverdi Multikulti, il Festival Ludwig 250. Ultima la partecipazione alla Casa del Jazz a Roma per la registrazione e presentazione del disco della cantautrice Ilaria Pilar Patassini prodotto da Auditorium Parco della Musica. La sinergia tra le diverse arti, una rete di collaborazioni con artisti provenienti da tutto il mondo, la creazione di una realt\u00e0 stabile e di nuove opportunit\u00e0 per i giovani, sono alcuni dei principali obiettivi di Mat\u00e8 con scopo di divulgazione ed aggregazione, partendo dal Territorio locale. Dal 2022 l\u2019Associazione ha firmato un protocollo di intesa con il Liceo T.Stigliani di Matera, per dare l\u2019opportunit\u00e0 agli studenti di conoscere grandi musicisti e di svolgere attivit\u00e0 concertistica affiancati da professionisti.<\/p><h3><b>LAURA MARZADORI<\/b><\/h3><p>Laura Marzadori, nata a Bologna il 9 gennaio 1989, vince a soli 25 anni il concorso internazionale per primo violino di spalla dell\u2019Orchestra del Teatro alla Scala di Milano con giudizio unanime della commissione presieduta da Daniel Barenboim e in questo ruolo ha collaborato con i pi\u00f9 grandi direttori al mondo tra i quali Daniel Barenboim, Riccardo Chailly, Daniele Gatti, Daniel Harding, Antonio Pappano, Zubin Mehta e Myung-whun Chung. Oltre all\u2019impegno alla Scala prosegue nell\u2019attivit\u00e0 solistica che la vede collaborare con direttori di fama e tenere concerti in tutto il mondo (Stati Uniti, Spagna, Austria, Repubblica Ceca, Ucraina, Germania, Svizzera, Uruguay, Teatro Coliseum di Buenos Aires, Konser Salonu di Instanbul, India e Auditorium Parco della Musica a Roma). Appassionata di musica da camera ha suonato assieme a Salvatore Accardo, Pavel Berman, Rocco Filippini, Mario Brunello, Bruno Canino, Antonio Meneses, Antony Pay, Andrea Lucchesini e Bruno Giuranna e recentemente con diversi colleghi della Scala. A febbraio 2018 si \u00e8 esibita al Teatro Grande di Brescia. in Trio e in Quintetto con il celebre direttore Myung Whun Chung al pianoforte. Nel 2010 ha eseguito in anteprima mondiale a New York il concerto per violino e orchestra in La magg. P.49 di Respighi, che ha inciso per NAXOS. Nel 2012, con l\u2019Orchestra Citt\u00e0 di Ferrara diretta da Marco Zuccarini, ha eseguito in anteprima italiana, il concerto per violino e orchestra di Ermanno Wolf Ferrari, registrato dal vivo e inciso per Tactus e nel 2013 il concerto per violino Op. 20 di Leone Sinigaglia uscito con etichetta TACTUS. Ha inoltre inciso due concerti inediti di Tartini con l\u2019Orchestra da camera Ferruccio Busoni diretta da Massimo Belli. Si \u00e8 imposta giovanissima all\u2019attenzione di pubblico e critica vincendo a soli 16 anni il pi\u00f9 importante concorso violinistico nazionale: il Premio \u201cCitt\u00e0 di Vittorio Veneto\u201d e aggiudicandosi importanti riconoscimenti in concorsi internazionali. Nel 2013, col Trio AMAR, assieme a Leonora e Ludovico Armellini, ha ricevuto il \u201cXXXII Premio Abbiati\u201d dedicato a Piero Farulli. Suona un violino Giuseppe Fiorini del 1925.<\/p><h3><b>MASSIMO POLIDORI<\/b><\/h3><p>Nato a Torino nel 1970, si \u00e8 diplomato al Conservatorio \u201cGiuseppe Verdi\u201d della sua citt\u00e0 sotto la guida di Renzo Brancaleon. Successivamente, con il sostegno della De Sono, si \u00e8 perfezionato con Antonio Janigro, Mario Brunello, Daniil Schafran e ha frequentato il Conservatorio Superiore di Musica di Ginevra sotto la guida di Daniel Grosgurin aggiudicandosi il primo premio di Virtuosit\u00e9.<\/p><p>Come solista ha debuttato a sedici anni con l\u2019Orchestra Filarmonica di Sofia e successivamente si \u00e8 esibito con l\u2019Orchestra da camera di Mantova, la Camerata Bern, l\u2019Orchestra del Teatro Regio di Torino, l\u2019Orchestra Cherubini, la Filarmonica della Scala.<\/p><p>\u00c8 stato primo violoncello solista della Camerata Bern per cinque anni e nel 2000 \u00e8 stato scelto da Riccardo Muti per ricoprire il ruolo di primo violoncello nell\u2019Orchestra del Teatro alla Scala.<\/p><p>\u00c8 tra i fondatori del Trio Johannes, formazione premiata al Concorso Internazionale Trio di Trieste, all\u2019International Chamber Music Competition di Osaka e all\u2019International Concert Artists Guild Competition di New York. Dal 2001 \u00e8 il violoncellista del Quartetto d\u2019Archi della Scala.<\/p><p>All\u2019attivit\u00e0 artistica affianca l\u2019insegnamento: \u00e8 stato titolare della cattedra di violoncello presso il Conservatorio di Musica di Freibourg, ha insegnato alla Mahler Academie e attualmente \u00e8 docente presso l\u2019Accademia di perfezionamento per professori d\u2019orchestra del Teatro alla Scala.<\/p><h3><b>PABLO VARELA<\/b><\/h3><p>Nato a Tijuana, Messico nel 1973 ha studiato direzione d\u2019orchestra presso il Conservatorio\u00a0<i>Giuseppe Verdi<\/i>\u00a0di Milano e composizione con Franco Donatoni presso l\u2019<i>Accademia Musicale Chigiana<\/i>\u00a0di Siena, dove ha conseguito il Diploma di Merito. Ha iniziato la sua carriera come direttore assistente di Mark Wigglesworth nella Sinfonia n. 2 di Gustav Mahler con l\u2019<i>Orchestra dell\u2019Accademia Nazionale di Santa Cecilia<\/i>\u00a0a Roma ed \u00e8 stato direttore assistente di Guido Maria Guida ne l\u2019<i>Anello del Nibelungo<\/i>\u00a0con l\u2019Opera Nazionale del Messico. Nel 2003 ha fondato la\u00a0<i>International Philharmonia of the Californias<\/i>, della quale sar\u00e0 direttore artistico e musicale dal 2003 al 2005.<\/p><p><i>Don Pasquale, Il Barbiere di Siviglia, Il Viaggio a Reims, La Boh\u00e8me, Mese mariano, Cavalleria Rusticana, Don Giovanni, L\u2019elisir d\u2019amore<\/i>, sono alcune delle opere nel suo repertorio; da ricordare la prima mondiale dell\u2019opera\u00a0<i>La muerte pies ligeros<\/i>\u00a0del messicano Victor Rasgado con l\u2019Orchestra Sinfonica dell\u2019Universit\u00e0 di Guanajuato, Messico.<\/p><p>Ha diretto diverse orchestre ed ensembles, tra cui\u00a0<i>I Solisti Fiorentini del Maggio Musicale<\/i>,\u00a0<i>Divertimento Ensemble<\/i>\u00a0di Milano,\u00a0<i>Percussion Art Quartet<\/i>\u00a0M\u00fcnchen, Tambuco Ensemble, Filarmonica Nazionale del Venezuela, Filarmonica\u00a0<i>Mihail Jora<\/i>\u00a0di Romania, Orchestra Sinfonica Nazionale del Messico ed \u00e8 anche spesso sul podio dei pi\u00f9 importanti teatri e festival internazionali quali il Festival Internazionale\u00a0<i>Cervantino<\/i>, Il Festival di Pasqua di Hall in Tirol,\u00a0<i>OperaBarga<\/i>\u00a0Festival, Festival\u00a0<i>Eduardo Mata<\/i>\u00a0di Oaxaca, Festival\u00a0<i>ContemporaneaMente<\/i>\u00a0di Lodi, Festival de M\u00e9xico en el Centro Hist\u00f3rico, Teatro\u00a0<i>Verdi<\/i>\u00a0di Firenze, Teatro\u00a0<i>Mercadante<\/i>\u00a0di Cerignola, Teatro Comunale\u00a0<i>Giuseppe Verdi<\/i>\u00a0di San Severo, Teatro\u00a0<i>Juarez<\/i>\u00a0di Guanajuato, Teatro\u00a0<i>Teresa Carre\u00f1o<\/i>\u00a0di Caracas,\u00a0<i>Sala Nezahualcoyotl<\/i>\u00a0e\u00a0<i>Palacio de Bellas Artes<\/i>\u00a0in Messico, tra gli altri.<\/p><p>\u00c8 direttore frequente del Coro del\u00a0<i>Teatro de Bellas Artes<\/i>\u00a0con il quale ha diretto innumerevoli titoli, tra cui\u00a0<i>Die Fledermaus, Orfeo, Dialoghi delle Carmelitane, Les Noces, Trionfo di Afrodite, Fantasia Corale<\/i>\u00a0e la Nona Sinfonia di Beethoven, il\u00a0<i>Requiem, Quattro Pezzi Sacri, Otello, Macbeth<\/i>\u00a0e\u00a0<i>Stiffelio<\/i>\u00a0di Verdi,\u00a0<i>Le campane<\/i>\u00a0di Rachmaninov,\u00a0<i>La Boh\u00e8me e l\u2019Olandese Volante.<\/i><\/p><p>Dal 2019, anno della sua fondazione, \u00e8 ospite regolare de l\u2019ensemble\u00a0<i>I Solisti Lucani<\/i>, formato da giovanissime prime parti dei pi\u00f9 importanti teatri d\u2019Italia e collaborando nelle recenti stagioni con i solisti Alessandro Serra,\u00a0 Laura Marzadori e Andrea Manco, primo contrabbasso, primo violino di spalla e primo flauto del\u00a0<i>Teatro alla Scala di Milano<\/i>\u00a0rispettivamente.<\/p><p>Pablo \u00e8 docente di direzione d\u2019orchestra presso il Conservatorio\u00a0<i>Egidio Romualdo Duni\u00a0<\/i>di Matera.<\/p>\t\t\t\t\t\t<\/div>\n\t\t\t\t<\/div>\n\t\t\t\t<\/div>\n\t\t\t\t\t<\/div>\n\t\t\t\t<\/div>\n\t\t\t\t<\/div>\n\t\t","protected":false},"excerpt":{"rendered":"<p>CONCERTANTEMusica Pocket DOMENICA 11 GIUGNO &#8211; ore 20.00MUSEO DINU ADAMESTEANU POTENZA Laura Marzadori, 1\u00b0 violino del Teatro alla Scala di MilanoMassimo Polidori, 1\u00b0 violoncello del Teatro alla Scala di MilanoEnsemble d\u2019archi I SOLISTI\u00a0LUCANIPablo Varela, direttore Protagonisti di questo concerto i solisti di fama internazionale, Laura Marzadori e Massimo Polidori, rispettivamente Primo Violino e Primo Violoncello [&hellip;]<\/p>\n","protected":false},"author":1,"featured_media":0,"parent":0,"menu_order":0,"comment_status":"closed","ping_status":"closed","template":"elementor_header_footer","meta":[],"_links":{"self":[{"href":"https:\/\/www.cosmopoli.info\/index.php\/wp-json\/wp\/v2\/pages\/679"}],"collection":[{"href":"https:\/\/www.cosmopoli.info\/index.php\/wp-json\/wp\/v2\/pages"}],"about":[{"href":"https:\/\/www.cosmopoli.info\/index.php\/wp-json\/wp\/v2\/types\/page"}],"author":[{"embeddable":true,"href":"https:\/\/www.cosmopoli.info\/index.php\/wp-json\/wp\/v2\/users\/1"}],"replies":[{"embeddable":true,"href":"https:\/\/www.cosmopoli.info\/index.php\/wp-json\/wp\/v2\/comments?post=679"}],"version-history":[{"count":16,"href":"https:\/\/www.cosmopoli.info\/index.php\/wp-json\/wp\/v2\/pages\/679\/revisions"}],"predecessor-version":[{"id":715,"href":"https:\/\/www.cosmopoli.info\/index.php\/wp-json\/wp\/v2\/pages\/679\/revisions\/715"}],"wp:attachment":[{"href":"https:\/\/www.cosmopoli.info\/index.php\/wp-json\/wp\/v2\/media?parent=679"}],"curies":[{"name":"wp","href":"https:\/\/api.w.org\/{rel}","templated":true}]}}